{"id":121,"date":"2010-09-15T13:55:03","date_gmt":"2010-09-15T11:55:03","guid":{"rendered":"http:\/\/eksm.de\/?page_id=121"},"modified":"2024-09-03T11:47:46","modified_gmt":"2024-09-03T09:47:46","slug":"erziehungs-ehe-familien-und-lebensberatungsstelle","status":"publish","type":"page","link":"https:\/\/eksm.de\/blog\/kirchenkreis\/einrichtungen\/erziehungs-ehe-familien-und-lebensberatungsstelle\/","title":{"rendered":"Erziehungs-, Ehe-, Familien- und Lebensberatungsstelle"},"content":{"rendered":"<p>Wir bieten an:<\/p>\n<h5>Beratung und Hilfe<\/h5>\n<ul>\n<li>in Erziehungsfragen,<\/li>\n<li>bei Kl\u00e4rung und Bew\u00e4ltigung von Schulproblemen,<\/li>\n<li>bei emotionalen N\u00f6ten wie \u00c4ngsten oder aggressivem Verhalten,<\/li>\n<li>bei psychosomatischen Beschwerden<\/li>\n<li>bei Trennung und Scheidung<\/li>\n<\/ul>\n<blockquote>\n<h5>Wir h\u00f6ren zu und suchen mit Ihnen<br \/>\nund mit Euch nach L\u00f6sungen<\/h5>\n<h5>und nach neuen Wegen.<\/h5>\n<\/blockquote>\n<h5>Wir sind Ansprechpartner f\u00fcr<\/h5>\n<ul>\n<li>Kinder, Jugendliche, junge Erwachsene&#8230;<\/li>\n<li>Eltern, Alleinerziehende, Eltern in zusammengesetzten Familien, Pflegeeltern, Adoptiveltern, Grosseltern, Stiefeltern&#8230;&nbsp;<\/li>\n<li>Mitarbeiter von Jugendhilfeeinrichtungen, Lehrer, Beratungslehrer, Erzieher&#8230;..<\/li>\n<\/ul>\n<blockquote>\n<h5>Unsere Hilfe ist f\u00fcr Sie kostenfrei,<\/h5>\n<h5>h\u00e4ngt nicht ab von Ihrer Konfession,<\/h5>\n<h5>ist freiwillig und<\/h5>\n<h5>unterliegt dem Datenschutz<\/h5>\n<h5>und der Schweigepflicht.<\/h5>\n<\/blockquote>\n<h5>Unsere Angebote:<\/h5>\n<ul>\n<li>Erziehungsberatung<\/li>\n<li>Familienberatung<\/li>\n<li>Partnerschafts- \/ Eheberatung<\/li>\n<li>Beratung von Jugendlichen und<br \/>\njungen Erwachsenen<\/li>\n<li>Trennungs- und Scheidungsberatung<\/li>\n<li>Beratung in Fragen des Umgangs<\/li>\n<li>Lebensberatung<\/li>\n<li>Diagnostik<\/li>\n<li>Spieltherapie<\/li>\n<li>Familientherapie<\/li>\n<\/ul>\n<blockquote>\n<h5>Wir helfen so kurz wie m\u00f6glich \u2013<\/h5>\n<h5>aber so lange wie n\u00f6tig!<\/h5>\n<\/blockquote>\n<h5>Adresse:<\/h5>\n<p>Hinter der Stadt 9 (Peter-Villa)<br \/>\n98574 Schmalkalden<\/p>\n<p>Tel.: 03683 40 28 34<\/p>\n<p>&nbsp;<\/p>\n<h5>Anmeldung<\/h5>\n<p>Mo \u2013 Fr&nbsp;&nbsp;&nbsp;&nbsp;&nbsp;&nbsp;&nbsp;&nbsp; 8.00 &#8211; 12.00 Uhr<br \/>\nMo, Di, Mi&nbsp;&nbsp; 13.00 &#8211; 16.00 Uhr<br \/>\nDo&nbsp;&nbsp;&nbsp;&nbsp;&nbsp;&nbsp;&nbsp;&nbsp;&nbsp;&nbsp;&nbsp;&nbsp;&nbsp;&nbsp; 13.00 &#8211; 18.00 Uhr<\/p>\n","protected":false},"excerpt":{"rendered":"<div class=\"mh-excerpt\"><p>Wir bieten an: Beratung und Hilfe in Erziehungsfragen, bei Kl\u00e4rung und Bew\u00e4ltigung von Schulproblemen, bei emotionalen N\u00f6ten wie \u00c4ngsten oder aggressivem Verhalten, bei psychosomatischen Beschwerden bei Trennung und Scheidung Wir h\u00f6ren zu und suchen mit <a class=\"mh-excerpt-more\" href=\"https:\/\/eksm.de\/blog\/kirchenkreis\/einrichtungen\/erziehungs-ehe-familien-und-lebensberatungsstelle\/\" title=\"Erziehungs-, Ehe-, Familien- und Lebensberatungsstelle\">[&#8230; weiterlesen]<\/a><\/p>\n<\/div>","protected":false},"author":1,"featured_media":0,"parent":17,"menu_order":0,"comment_status":"closed","ping_status":"closed","template":"","meta":{"ngg_post_thumbnail":0,"footnotes":""},"class_list":["post-121","page","type-page","status-publish"],"_links":{"self":[{"href":"https:\/\/eksm.de\/blog\/kirchenkreis\/wp-json\/wp\/v2\/pages\/121","targetHints":{"allow":["GET"]}}],"collection":[{"href":"https:\/\/eksm.de\/blog\/kirchenkreis\/wp-json\/wp\/v2\/pages"}],"about":[{"href":"https:\/\/eksm.de\/blog\/kirchenkreis\/wp-json\/wp\/v2\/types\/page"}],"author":[{"embeddable":true,"href":"https:\/\/eksm.de\/blog\/kirchenkreis\/wp-json\/wp\/v2\/users\/1"}],"replies":[{"embeddable":true,"href":"https:\/\/eksm.de\/blog\/kirchenkreis\/wp-json\/wp\/v2\/comments?post=121"}],"version-history":[{"count":2,"href":"https:\/\/eksm.de\/blog\/kirchenkreis\/wp-json\/wp\/v2\/pages\/121\/revisions"}],"predecessor-version":[{"id":4847,"href":"https:\/\/eksm.de\/blog\/kirchenkreis\/wp-json\/wp\/v2\/pages\/121\/revisions\/4847"}],"up":[{"embeddable":true,"href":"https:\/\/eksm.de\/blog\/kirchenkreis\/wp-json\/wp\/v2\/pages\/17"}],"wp:attachment":[{"href":"https:\/\/eksm.de\/blog\/kirchenkreis\/wp-json\/wp\/v2\/media?parent=121"}],"curies":[{"name":"wp","href":"https:\/\/api.w.org\/{rel}","templated":true}]}}