{"id":133,"date":"2010-09-15T14:49:26","date_gmt":"2010-09-15T12:49:26","guid":{"rendered":"http:\/\/eksm.de\/?page_id=133"},"modified":"2025-04-25T08:50:22","modified_gmt":"2025-04-25T06:50:22","slug":"notfallseelsorge","status":"publish","type":"page","link":"https:\/\/eksm.de\/blog\/kirchenkreis\/einrichtungen\/notfallseelsorge\/","title":{"rendered":"Notfallseelsorge"},"content":{"rendered":"<table border=\"0\" width=\"513\" cellspacing=\"10\" cellpadding=\"5\">\n<tbody>\n<tr>\n<td valign=\"top\" width=\"245\">\n<h4 align=\"left\"><img loading=\"lazy\" decoding=\"async\" style=\"margin: 0px 10px 0px 0px; display: inline;\" src=\"http:\/\/www.eksm.de\/images\/einric2.GIF\" width=\"109\" height=\"90\" align=\"left\" border=\"0\">Erste Hilfe f\u00fcr die Seele in Notf\u00e4llen und Krisen-situationen<\/h4>\n<p align=\"justify\">\u2022 Die Notfallseelsorge ist ein Bereitschaftsdienst evangelischer Pfarrerinnen und Pfarrer sowie engagierter Laienmitarbeiter im Kirchenkreis Schmalkalden (= Altkreis Schmalkalden).<br \/>\n\u2022 Jeweils zwei Seelsorgerinnen bzw. Seelsorger sind rund um die Uhr \u00fcber Funkmeldeempf\u00e4nger zu erreichen. Die Alarmierung erfolgt ausschlie\u00dflich \u00fcber die Rettungsleitstelle des Landkreises Schmalkalden- Meiningen (112).<br \/>\n\u2022 Die alarmierten Seelsorgerinnen und Seelsorger versuchen zuerst, Seelsorge vor Ort zu organisieren. Gelingt das nicht sofort, kommen sie selbst.<br \/>\n\u2022 Die Mitarbeitenden in der Notfallseelsorge sind an die pfarramtliche Schweigepflicht gebunden. Sie sind ausgebildet und erfahren in menschlicher Begleitung, der Seelsorge.<br \/>\n\u2022 Sie helfen ohne Ansehen der Person oder der&nbsp; Konfession.<br \/>\n\u2022 Sie sind f\u00fcr Sie da, wenn Sie menschliche Begleitung f\u00fcr andere oder f\u00fcr sich selbst brauchen, und haben Zeit.<\/p>\n<h4>Kontaktadresse:<\/h4>\n<p>Pfarrer Christoph Nordmeyer<br \/>\nTelefon 036940-405626<\/td>\n<td valign=\"top\" width=\"236\">\n<h4 align=\"left\"><img loading=\"lazy\" decoding=\"async\" src=\"http:\/\/www.eksm.de\/images\/einric2.GIF\" width=\"109\" height=\"90\" align=\"left\" border=\"0\">Menschliche Begleitung<br \/>\nund Hilfe<br \/>\nrund um die Uhr<\/h4>\n<p align=\"left\">&nbsp;<\/p>\n<p align=\"justify\">\u2022 f\u00fcr Hinterbliebene nach einer erfolglosen Reanimation<br \/>\n\u2022 f\u00fcr Angeh\u00f6rige beim \u00dcberbringen von Todesnachrichten<br \/>\n\u2022 f\u00fcr Schwerverletzte und Sterbende<br \/>\n\u2022 f\u00fcr unverletzte Betroffene und Zeugen von Unf\u00e4llen, Br\u00e4nden und anderen besonders belastenden Erlebnissen, auch schon w\u00e4hrend der Wartezeiten<br \/>\n\u2022 f\u00fcr Menschen, die sich das Leben nehmen wollen<br \/>\n\u2022 f\u00fcr Mitarbeitende in den Rettungsdiensten, der Polizei, den Feuerwehren in und nach besonders belastenden Eins\u00e4tzen<br \/>\n\u2022 f\u00fcr Menschen, die unverschuldet oder schuldhaft einen Unfall verursacht haben<br \/>\n\u2022 f\u00fcr Opfer von Gewalt<br \/>\n\u2022 f\u00fcr Betroffene und Helfende bei der Suche<br \/>\nnach Vermissten<\/p>\n<p align=\"justify\"><b>Alarmierung ausschlie\u00dflich \u00fcber die Rettungsleitstelle des Landkreises Schmalkalden-Meiningen (112)<\/b><\/p>\n<\/td>\n<\/tr>\n<\/tbody>\n<\/table>\n","protected":false},"excerpt":{"rendered":"<div class=\"mh-excerpt\"><p>Erste Hilfe f\u00fcr die Seele in Notf\u00e4llen und Krisen-situationen \u2022 Die Notfallseelsorge ist ein Bereitschaftsdienst evangelischer Pfarrerinnen und Pfarrer sowie engagierter Laienmitarbeiter im Kirchenkreis Schmalkalden (= Altkreis Schmalkalden). \u2022 Jeweils zwei Seelsorgerinnen bzw. Seelsorger sind <a class=\"mh-excerpt-more\" href=\"https:\/\/eksm.de\/blog\/kirchenkreis\/einrichtungen\/notfallseelsorge\/\" title=\"Notfallseelsorge\">[&#8230; weiterlesen]<\/a><\/p>\n<\/div>","protected":false},"author":1,"featured_media":0,"parent":17,"menu_order":0,"comment_status":"closed","ping_status":"closed","template":"","meta":{"ngg_post_thumbnail":0,"footnotes":""},"class_list":["post-133","page","type-page","status-publish"],"_links":{"self":[{"href":"https:\/\/eksm.de\/blog\/kirchenkreis\/wp-json\/wp\/v2\/pages\/133","targetHints":{"allow":["GET"]}}],"collection":[{"href":"https:\/\/eksm.de\/blog\/kirchenkreis\/wp-json\/wp\/v2\/pages"}],"about":[{"href":"https:\/\/eksm.de\/blog\/kirchenkreis\/wp-json\/wp\/v2\/types\/page"}],"author":[{"embeddable":true,"href":"https:\/\/eksm.de\/blog\/kirchenkreis\/wp-json\/wp\/v2\/users\/1"}],"replies":[{"embeddable":true,"href":"https:\/\/eksm.de\/blog\/kirchenkreis\/wp-json\/wp\/v2\/comments?post=133"}],"version-history":[{"count":4,"href":"https:\/\/eksm.de\/blog\/kirchenkreis\/wp-json\/wp\/v2\/pages\/133\/revisions"}],"predecessor-version":[{"id":5559,"href":"https:\/\/eksm.de\/blog\/kirchenkreis\/wp-json\/wp\/v2\/pages\/133\/revisions\/5559"}],"up":[{"embeddable":true,"href":"https:\/\/eksm.de\/blog\/kirchenkreis\/wp-json\/wp\/v2\/pages\/17"}],"wp:attachment":[{"href":"https:\/\/eksm.de\/blog\/kirchenkreis\/wp-json\/wp\/v2\/media?parent=133"}],"curies":[{"name":"wp","href":"https:\/\/api.w.org\/{rel}","templated":true}]}}