{"id":2506,"date":"2017-08-04T22:43:43","date_gmt":"2017-08-04T20:43:43","guid":{"rendered":"http:\/\/eksm.de\/?page_id=2506"},"modified":"2017-08-05T00:28:03","modified_gmt":"2017-08-04T22:28:03","slug":"unterricht","status":"publish","type":"page","link":"https:\/\/eksm.de\/blog\/kirchenkreis\/kirchenmusik\/unterricht\/","title":{"rendered":"Unterricht"},"content":{"rendered":"<blockquote><p>&#8222;Mein Unterricht und meine Proben zielen darauf, Sch\u00fcler und Ch\u00f6re zum eigenst\u00e4ndigen Musizieren zu ermutigen und mit dem daf\u00fcr notwendigen Wissen auszustatten. Dabei steht der Musizierende mit seinen Gaben und seiner Pers\u00f6nlichkeit im Zentrum meiner Aufmerksamkeit.<\/p>\n<p>Musik kann uns ver\u00e4ndern und begeistern. Das soll sp\u00fcrbar werden. Deshalb liegt es mir am Herzen zu fordern und zu f\u00f6rdern. Und es erf\u00fcllt mich mit Freude, wenn Menschen wachsen \u2013 pers\u00f6nlich und musikalisch.&#8220;<\/p>\n<p style=\"text-align: right;\">Andreas Conrad<\/p>\n<\/blockquote>\n<p style=\"text-align: right;\">&nbsp;<\/p>\n<p style=\"text-align: left;\"><img loading=\"lazy\" decoding=\"async\" class=\"wp-image-2513 size-thumbnail alignleft\" src=\"http:\/\/eksm.de\/blog\/kirchenkreis\/wp-content\/uploads\/2017\/08\/DSC_0150-150x150.jpg\" alt=\"\" width=\"150\" height=\"150\"> <img loading=\"lazy\" decoding=\"async\" class=\"wp-image-2514 size-thumbnail alignleft\" src=\"http:\/\/eksm.de\/blog\/kirchenkreis\/wp-content\/uploads\/2017\/08\/DSC_0490-150x150.jpg\" alt=\"\" width=\"150\" height=\"150\">&nbsp;<img loading=\"lazy\" decoding=\"async\" class=\"wp-image-2541 size-thumbnail alignleft\" src=\"http:\/\/eksm.de\/blog\/kirchenkreis\/wp-content\/uploads\/2017\/08\/DSC_0632-150x150.jpg\" alt=\"\" width=\"150\" height=\"150\"><\/p>\n<p>&nbsp;<\/p>\n<p>&nbsp;<\/p>\n<p>&nbsp;<\/p>\n<p>&nbsp;<\/p>\n<p>Interessierte jeden Alters k\u00f6nnen im Bezirkskantorat Schmalkalden folgenden musikalischen Unterricht erhalten:<\/p>\n<ul>\n<li><a href=\"http:\/\/eksm.de\/?page_id=2468\" target=\"_blank\" rel=\"noopener\">Liturgisches und konzertantes Orgelspiel<\/a><\/li>\n<li><a href=\"http:\/\/eksm.de\/?page_id=677\" target=\"_blank\" rel=\"noopener\">Chorleitung<\/a><\/li>\n<li><a href=\"http:\/\/eksm.de\/?page_id=680\" target=\"_blank\" rel=\"noopener\">Posaune, Trompete<\/a><\/li>\n<\/ul>\n<p>Bezirkskantor Andreas Conrad freut sich \u00fcber Ihre <a href=\"http:\/\/eksm.de\/?page_id=665\" target=\"_blank\" rel=\"noopener\">Kontaktaufnahme<\/a>.<\/p>\n<h2>C-Ausbildung<\/h2>\n<p>Der Orgel- und Chorleitungsunterricht kann bei Interesse auch in die Ausbildung zum nebenberuflichen Kirchenmusiker m\u00fcnden. Hierf\u00fcr bietet die Evangelische Kirche von Kurhessen-Waldeck Kompaktkurse in der <a href=\"http:\/\/www.kmf-info.de\/\" target=\"_blank\" rel=\"noopener\">Kirchenmusikalischen Fortbildungsst\u00e4tte Schl\u00fcchtern<\/a> an &#8211; die sogenannte C-Ausbildung. Die Kursteilnehmer erhalten eine umfassende Grundausbildung (Geh\u00f6rbildung, Musikgeschichte, Liturgik, Tonsatz, Orgelbau, etc.) sowie je nach Wahl Unterricht in Orgel, Chorleitung, Bl\u00e4serchorleitung und Popularmusik.<\/p>\n<p>Die Kurse werden mit Zwischenpr\u00fcfungen und am Ende der Ausbildung mit der C-Pr\u00fcfung abgeschlossen. Sie berechtigt zu entsprechender Bezahlung nach den landeskirchlichen Verg\u00fctungsrichtlinien (Verg\u00fctungsgruppe II) f\u00fcr Organisten- oder Chorleitert\u00e4tigkeit.<\/p>\n","protected":false},"excerpt":{"rendered":"<div class=\"mh-excerpt\"><p>&#8222;Mein Unterricht und meine Proben zielen darauf, Sch\u00fcler und Ch\u00f6re zum eigenst\u00e4ndigen Musizieren zu ermutigen und mit dem daf\u00fcr notwendigen Wissen auszustatten. Dabei steht der Musizierende mit seinen Gaben und seiner Pers\u00f6nlichkeit im Zentrum meiner <a class=\"mh-excerpt-more\" href=\"https:\/\/eksm.de\/blog\/kirchenkreis\/kirchenmusik\/unterricht\/\" title=\"Unterricht\">[&#8230; weiterlesen]<\/a><\/p>\n<\/div>","protected":false},"author":109,"featured_media":0,"parent":627,"menu_order":6,"comment_status":"closed","ping_status":"closed","template":"","meta":{"ngg_post_thumbnail":0,"footnotes":""},"class_list":["post-2506","page","type-page","status-publish"],"_links":{"self":[{"href":"https:\/\/eksm.de\/blog\/kirchenkreis\/wp-json\/wp\/v2\/pages\/2506","targetHints":{"allow":["GET"]}}],"collection":[{"href":"https:\/\/eksm.de\/blog\/kirchenkreis\/wp-json\/wp\/v2\/pages"}],"about":[{"href":"https:\/\/eksm.de\/blog\/kirchenkreis\/wp-json\/wp\/v2\/types\/page"}],"author":[{"embeddable":true,"href":"https:\/\/eksm.de\/blog\/kirchenkreis\/wp-json\/wp\/v2\/users\/109"}],"replies":[{"embeddable":true,"href":"https:\/\/eksm.de\/blog\/kirchenkreis\/wp-json\/wp\/v2\/comments?post=2506"}],"version-history":[{"count":11,"href":"https:\/\/eksm.de\/blog\/kirchenkreis\/wp-json\/wp\/v2\/pages\/2506\/revisions"}],"predecessor-version":[{"id":2529,"href":"https:\/\/eksm.de\/blog\/kirchenkreis\/wp-json\/wp\/v2\/pages\/2506\/revisions\/2529"}],"up":[{"embeddable":true,"href":"https:\/\/eksm.de\/blog\/kirchenkreis\/wp-json\/wp\/v2\/pages\/627"}],"wp:attachment":[{"href":"https:\/\/eksm.de\/blog\/kirchenkreis\/wp-json\/wp\/v2\/media?parent=2506"}],"curies":[{"name":"wp","href":"https:\/\/api.w.org\/{rel}","templated":true}]}}