{"id":4780,"date":"2024-08-07T15:05:11","date_gmt":"2024-08-07T13:05:11","guid":{"rendered":"https:\/\/eksm.de\/?page_id=4780"},"modified":"2025-11-12T15:41:34","modified_gmt":"2025-11-12T14:41:34","slug":"mitarbeiterin-in-der-kinder-und-jugendarbeit-m-w-d","status":"publish","type":"page","link":"https:\/\/eksm.de\/blog\/kirchenkreis\/mitarbeiterin-in-der-kinder-und-jugendarbeit-m-w-d\/","title":{"rendered":"Mitarbeiter*in in der Kinder- und Jugendarbeit (m\/w\/d)"},"content":{"rendered":"\n<p><\/p>\n\n\n\n<p><strong>(21,45 Wochenstunden)<\/strong><\/p>\n\n\n\n<p>f\u00fcr die Kirchengemeinde Steinbach-Hallenberg.<\/p>\n\n\n\n<p>Diese Stelle ist kombinierbar mit einer der anderen beiden Kinder- und Jugendarbeitsstellen f\u00fcr Fambach oder Wernshausen.<\/p>\n\n\n\n<p>Wir freuen uns \u00fcber Bewerbungen von Erzieherinnen und Erziehern sowie Interessenten mit mindestens vergleichbarer diakonischer und p\u00e4dagogischer Ausbildung. Nach dem Konzept zur Jugendarbeit des Kirchenkreises Schmalkalden arbeitet der\/die Stelleninhaber*in im Team mit den anderen Jugendmitarbeiter*innen zusammen.<\/p>\n\n\n\n<p><strong>Zu Ihren Aufgaben geh\u00f6ren:<\/strong><\/p>\n\n\n\n<ul class=\"wp-block-list\">\n<li>eigenverantwortliche Planung und Durchf\u00fchrung von Angeboten f\u00fcr Kinder und&nbsp;&nbsp;Jugendliche in den Gemeinden und der Region<\/li>\n\n\n\n<li>Organisation und Durchf\u00fchrung von Freizeiten und Ferienangeboten f\u00fcr Kinder und Jugendliche<\/li>\n\n\n\n<li>Mitwirkung bei Konfirmandenfreizeiten und bei der \u201elebendigen Krippe\u201c<\/li>\n\n\n\n<li>Organisation und Durchf\u00fchrung von Kindergottesdiensten w\u00e4hrend der Gottesdienstzeiten<\/li>\n\n\n\n<li>projektbezogene Angebote in Ortsteilen und dem Stadtgebiet<\/li>\n\n\n\n<li>Gewinnung, Schulung und Betreuung von ehrenamtlichen Mitarbeitenden<\/li>\n\n\n\n<li>konzeptionelle Weiterentwicklung der bestehenden Kinder- und Jugendarbeit<\/li>\n\n\n\n<li>Mitarbeit im regionalen Team und im Hauptamtlichenteam der Jugendarbeit<\/li>\n\n\n\n<li>\u00d6ffentlichkeitsarbeit im Bereich der Kinder- und Jugendarbeit<\/li>\n\n\n\n<li>Zusammenarbeit in den regionalen Netzwerken<\/li>\n\n\n\n<li>Zusammenarbeit mit den Mitarbeiter\/inne\/n in der Planungsregion Schmalkalden<\/li>\n<\/ul>\n\n\n\n<p><strong>Wir erwarten von Ihnen:<\/strong><\/p>\n\n\n\n<ul class=\"wp-block-list\">\n<li>Sie verf\u00fcgen \u00fcber religionsp\u00e4dagogische und theologische Kenntnisse bzw. eignen sich diese durch entsprechende Fortbildung an<\/li>\n\n\n\n<li>Sie gewinnen, motivieren und begleiten Ehrenamtliche<\/li>\n\n\n\n<li>Sie bilden sich selbst und Ehrenamtliche in p\u00e4dagogischen Fragen fort<\/li>\n\n\n\n<li>Sie arbeiten eigenst\u00e4ndig und engagiert in den verschiedenen Aufgabengebieten und Einsatzorten<\/li>\n\n\n\n<li>Sie sind bereit, einen wesentlichen Anteil Ihrer Arbeitszeit in den Nachmittags- und Abendstunden und gelegentlich auch an Wochenenden zu leisten.<\/li>\n\n\n\n<li>Sie haben Organisationstalent und sind teamf\u00e4hig<\/li>\n\n\n\n<li>Sie besitzen einen F\u00fchrerschein und einen PKW<\/li>\n<\/ul>\n\n\n\n<p><strong>Wir bieten Ihnen:<\/strong><\/p>\n\n\n\n<ul class=\"wp-block-list\">\n<li>Verg\u00fctung nach dem Kirchlichen Tarif der Evangelischen Kirche von Kurhessen-Waldeck in Anlehnung an den Tarifvertrag f\u00fcr den \u00f6ffentlichen Dienst der L\u00e4nder<\/li>\n\n\n\n<li>die \u00fcblichen Sozialleistungen des \u00f6ffentlichen Dienstes<\/li>\n\n\n\n<li>ein abwechslungsreiches Arbeitsfeld und ein engagiertes Hauptamtlichen-Team im Kirchenkreis<\/li>\n\n\n\n<li>Jugendraum sowie Materialien und Finanzen zur Entfaltung der Arbeit<\/li>\n\n\n\n<li>die Unterst\u00fctzung Ihrer Arbeit durch engagierte Gemeindeglieder<\/li>\n\n\n\n<li>eine strukturierte Einarbeitungsphase und fachliche Begleitung<\/li>\n\n\n\n<li>Offenheit f\u00fcr neue Initiativen und Projekte im Rahmen des Gesamtkonzepts<\/li>\n\n\n\n<li>die Unterst\u00fctzung bei Fort- und Weiterbildung<\/li>\n\n\n\n<li>Hilfe bei der Wohnungssuche<\/li>\n<\/ul>\n\n\n\n<p>Aufgrund der erwarteten religionsp\u00e4dagogischen Arbeit mit Kindern und Jugendlichen in evangelischen Bildungsinhalten ist ein positives Bekenntnis zum Selbstverst\u00e4ndnis der evangelischen Kirche Voraussetzung; daher erwarten wir Ihre Mitgliedschaft in der evangelischen Kirche \u2013 oder einer anderen Mitgliedskirche der Arbeitsgemeinschaft Christlicher Kirchen.<\/p>\n\n\n\n<p>Wenn Sie mit der vor\u00fcbergehenden Speicherung Ihrer pers\u00f6nlichen Daten bis zum Abschluss des Auswahlverfahrens einverstanden sind,<a>&nbsp;dann senden Sie Ihre aussagekr\u00e4ftigen Bewerbungsunterlagen&nbsp;<\/a><a>an nachstehende Anschrift<\/a>:<\/p>\n\n\n\n<p>Evanglischen Kirchenkreis Schmalkalden<br>Herrn Dekan Ralf Gebauer<br>Weidebrunner Tor 7<br>98574 Schmalkalden<br>Tel.: 0 36 83 \/ 60 27 60<br>E-Mail: dekanat.schmalkalden@ekkw.de<\/p>\n\n\n\n<p><strong>Ausk\u00fcnfte erteilt gerne:<\/strong><br>Kreisjugenddiakon Frank Peternell<br>Telefon: 0151 \/ 12 70 44 54<br>E-Mail: Frank.Peternell@ekkw.de<\/p>\n\n\n\n<p><\/p>\n","protected":false},"excerpt":{"rendered":"<div class=\"mh-excerpt\"><p>(21,45 Wochenstunden) f\u00fcr die Kirchengemeinde Steinbach-Hallenberg. Diese Stelle ist kombinierbar mit einer der anderen beiden Kinder- und Jugendarbeitsstellen f\u00fcr Fambach oder Wernshausen. Wir freuen uns \u00fcber Bewerbungen von Erzieherinnen und Erziehern sowie Interessenten mit mindestens <a class=\"mh-excerpt-more\" href=\"https:\/\/eksm.de\/blog\/kirchenkreis\/mitarbeiterin-in-der-kinder-und-jugendarbeit-m-w-d\/\" title=\"Mitarbeiter*in in der Kinder- und Jugendarbeit (m\/w\/d)\">[&#8230; weiterlesen]<\/a><\/p>\n<\/div>","protected":false},"author":3484,"featured_media":0,"parent":0,"menu_order":0,"comment_status":"closed","ping_status":"closed","template":"","meta":{"ngg_post_thumbnail":0,"footnotes":""},"class_list":["post-4780","page","type-page","status-publish"],"_links":{"self":[{"href":"https:\/\/eksm.de\/blog\/kirchenkreis\/wp-json\/wp\/v2\/pages\/4780","targetHints":{"allow":["GET"]}}],"collection":[{"href":"https:\/\/eksm.de\/blog\/kirchenkreis\/wp-json\/wp\/v2\/pages"}],"about":[{"href":"https:\/\/eksm.de\/blog\/kirchenkreis\/wp-json\/wp\/v2\/types\/page"}],"author":[{"embeddable":true,"href":"https:\/\/eksm.de\/blog\/kirchenkreis\/wp-json\/wp\/v2\/users\/3484"}],"replies":[{"embeddable":true,"href":"https:\/\/eksm.de\/blog\/kirchenkreis\/wp-json\/wp\/v2\/comments?post=4780"}],"version-history":[{"count":3,"href":"https:\/\/eksm.de\/blog\/kirchenkreis\/wp-json\/wp\/v2\/pages\/4780\/revisions"}],"predecessor-version":[{"id":5767,"href":"https:\/\/eksm.de\/blog\/kirchenkreis\/wp-json\/wp\/v2\/pages\/4780\/revisions\/5767"}],"wp:attachment":[{"href":"https:\/\/eksm.de\/blog\/kirchenkreis\/wp-json\/wp\/v2\/media?parent=4780"}],"curies":[{"name":"wp","href":"https:\/\/api.w.org\/{rel}","templated":true}]}}