{"id":2953,"date":"2016-03-06T14:59:45","date_gmt":"2016-03-06T13:59:45","guid":{"rendered":"http:\/\/eksm.de\/blog\/seligenthal\/?page_id=2953"},"modified":"2024-09-13T18:50:22","modified_gmt":"2024-09-13T16:50:22","slug":"gottesdienste-im-pflegezentrum","status":"publish","type":"page","link":"https:\/\/eksm.de\/blog\/seligenthal\/?page_id=2953","title":{"rendered":"Gottesdienste im Pflegezentrum"},"content":{"rendered":"<p>Einmal im Monat gestaltet Pfrin. Heinlein f\u00fcr die Senioren in der Tagespflege Struth (Seniorenbetreuungszentrum Eck) einen Gottesdienst. Dieses Gottesdienstangebot wird von den Senioren dankbar angekommen, da sie nicht mehr den Weg in die Kirche bew\u00e4ltigen k\u00f6nnen. In der Karwoche wird das Heilige Abendmahl gefeiert. Ziel ist es, dass die Senioren, die tags\u00fcber in der Tagespflege untergebracht sind, am gottesdienstlichen Leben und damit auch am Leben der Kirchengemeinde teilhaben k\u00f6nnen.<\/p>\n<p><a href=\"http:\/\/eksm.de\/blog\/seligenthal\/wp-content\/uploads\/2016\/03\/30533_seniorenkreis_sw.jpg\" rel=\"attachment wp-att-2948\"><img loading=\"lazy\" decoding=\"async\" class=\"alignnone size-thumbnail wp-image-2948\" src=\"http:\/\/eksm.de\/blog\/seligenthal\/wp-content\/uploads\/2016\/03\/30533_seniorenkreis_sw-150x150.jpg\" alt=\"30533_seniorenkreis_sw\" width=\"150\" height=\"150\"><\/a><\/p>\n","protected":false},"excerpt":{"rendered":"<div class=\"mh-excerpt\"><p>Einmal im Monat gestaltet Pfrin. Heinlein f\u00fcr die Senioren in der Tagespflege Struth (Seniorenbetreuungszentrum Eck) einen Gottesdienst. Dieses Gottesdienstangebot wird von den Senioren dankbar angekommen, da sie nicht mehr den Weg in die Kirche bew\u00e4ltigen <a class=\"mh-excerpt-more\" href=\"https:\/\/eksm.de\/blog\/seligenthal\/?page_id=2953\" title=\"Gottesdienste im Pflegezentrum\">[mehr&#8230;]<\/a><\/p>\n<\/div>","protected":false},"author":1,"featured_media":0,"parent":1031,"menu_order":0,"comment_status":"closed","ping_status":"closed","template":"","meta":{"ngg_post_thumbnail":0,"footnotes":""},"class_list":["post-2953","page","type-page","status-publish"],"_links":{"self":[{"href":"https:\/\/eksm.de\/blog\/seligenthal\/index.php?rest_route=\/wp\/v2\/pages\/2953","targetHints":{"allow":["GET"]}}],"collection":[{"href":"https:\/\/eksm.de\/blog\/seligenthal\/index.php?rest_route=\/wp\/v2\/pages"}],"about":[{"href":"https:\/\/eksm.de\/blog\/seligenthal\/index.php?rest_route=\/wp\/v2\/types\/page"}],"author":[{"embeddable":true,"href":"https:\/\/eksm.de\/blog\/seligenthal\/index.php?rest_route=\/wp\/v2\/users\/1"}],"replies":[{"embeddable":true,"href":"https:\/\/eksm.de\/blog\/seligenthal\/index.php?rest_route=%2Fwp%2Fv2%2Fcomments&post=2953"}],"version-history":[{"count":3,"href":"https:\/\/eksm.de\/blog\/seligenthal\/index.php?rest_route=\/wp\/v2\/pages\/2953\/revisions"}],"predecessor-version":[{"id":5146,"href":"https:\/\/eksm.de\/blog\/seligenthal\/index.php?rest_route=\/wp\/v2\/pages\/2953\/revisions\/5146"}],"up":[{"embeddable":true,"href":"https:\/\/eksm.de\/blog\/seligenthal\/index.php?rest_route=\/wp\/v2\/pages\/1031"}],"wp:attachment":[{"href":"https:\/\/eksm.de\/blog\/seligenthal\/index.php?rest_route=%2Fwp%2Fv2%2Fmedia&parent=2953"}],"curies":[{"name":"wp","href":"https:\/\/api.w.org\/{rel}","templated":true}]}}