{"id":47,"date":"2010-03-24T15:54:22","date_gmt":"2010-03-24T14:54:22","guid":{"rendered":"http:\/\/eksm.de\/blog\/seligenthal\/?page_id=47"},"modified":"2024-09-13T19:04:55","modified_gmt":"2024-09-13T17:04:55","slug":"schuljugendarbeit","status":"publish","type":"page","link":"https:\/\/eksm.de\/blog\/seligenthal\/?page_id=47","title":{"rendered":"Schuljugendarbeit"},"content":{"rendered":"<p>Unser Jugendraum ist nicht nur offen f\u00fcr die Jugendlichen unserer Kirchengemeinde, sondern f\u00fcr alle Jugendlichen des Ortes. Unsere Jugendmitarbeiterin Astrid Teichert ist ebenso zust\u00e4ndig f\u00fcr die Ortsjugendpflege.<\/p>\n<p>Von daher haben wir schon lange die Zusammenarbeit mit der Schule gepflegt.<br \/>\nF\u00fcr Schuljugendarbeit wurden vor einigen Jahren Tr\u00e4ger gesucht. Nach den Richtlinien des Landes und des Landkreises ging es nicht nur darum, dass die Schule Vereine und Tr\u00e4ger von Jugendarbeit in die Schule holt, sondern dass sich Schule \u00f6ffnet und mit den Einrichtungen und Vereinen, die Jugendarbeit anbieten, auf neue Weise zusammenfindet.<\/p>\n<p>Aus diesem Grund haben wir einen Kooperationsvertrag mit den Regelschulen Floh und Trusetal geschlossen.<br \/>\nWir organisieren Arbeitsgemeinschafen und Events (&#8222;coole Schule&#8220;) und k\u00fcmmern uns um die Abrechnung der Honorare. Dabei hat sich ein gute Zusammenarbeit mit dem DRK ergeben. Diese Zusammenarbeit hat Vorteile f\u00fcr beide Seiten. Lehrer und Sch\u00fcler nehmen die Angebote und R\u00e4ume der Jugendarbeit wahr und die schulischen Angebote werden durch die neuen Angebote stark bereichert.<br \/>\nSo werden z. B. in Floh verschiedene Angebote f\u00fcr Sch\u00fcler vorgehalten.<br \/>\nMittlerweile sind unsere Jugendmitarbeiter auch an der Schule aktiv. Sie organisieren z.B. Projekte f\u00fcr Sch\u00fcler.<\/p>\n<p><a href=\"http:\/\/eksm.de\/blog\/seligenthal\/wp-content\/uploads\/2010\/03\/122007schule2011.jpg\">&nbsp;<\/a><\/p>\n","protected":false},"excerpt":{"rendered":"<div class=\"mh-excerpt\"><p>Unser Jugendraum ist nicht nur offen f\u00fcr die Jugendlichen unserer Kirchengemeinde, sondern f\u00fcr alle Jugendlichen des Ortes. Unsere Jugendmitarbeiterin Astrid Teichert ist ebenso zust\u00e4ndig f\u00fcr die Ortsjugendpflege. Von daher haben wir schon lange die Zusammenarbeit <a class=\"mh-excerpt-more\" href=\"https:\/\/eksm.de\/blog\/seligenthal\/?page_id=47\" title=\"Schuljugendarbeit\">[mehr&#8230;]<\/a><\/p>\n<\/div>","protected":false},"author":1,"featured_media":0,"parent":13,"menu_order":0,"comment_status":"open","ping_status":"open","template":"","meta":{"ngg_post_thumbnail":0,"footnotes":""},"class_list":["post-47","page","type-page","status-publish"],"_links":{"self":[{"href":"https:\/\/eksm.de\/blog\/seligenthal\/index.php?rest_route=\/wp\/v2\/pages\/47","targetHints":{"allow":["GET"]}}],"collection":[{"href":"https:\/\/eksm.de\/blog\/seligenthal\/index.php?rest_route=\/wp\/v2\/pages"}],"about":[{"href":"https:\/\/eksm.de\/blog\/seligenthal\/index.php?rest_route=\/wp\/v2\/types\/page"}],"author":[{"embeddable":true,"href":"https:\/\/eksm.de\/blog\/seligenthal\/index.php?rest_route=\/wp\/v2\/users\/1"}],"replies":[{"embeddable":true,"href":"https:\/\/eksm.de\/blog\/seligenthal\/index.php?rest_route=%2Fwp%2Fv2%2Fcomments&post=47"}],"version-history":[{"count":2,"href":"https:\/\/eksm.de\/blog\/seligenthal\/index.php?rest_route=\/wp\/v2\/pages\/47\/revisions"}],"predecessor-version":[{"id":5152,"href":"https:\/\/eksm.de\/blog\/seligenthal\/index.php?rest_route=\/wp\/v2\/pages\/47\/revisions\/5152"}],"up":[{"embeddable":true,"href":"https:\/\/eksm.de\/blog\/seligenthal\/index.php?rest_route=\/wp\/v2\/pages\/13"}],"wp:attachment":[{"href":"https:\/\/eksm.de\/blog\/seligenthal\/index.php?rest_route=%2Fwp%2Fv2%2Fmedia&parent=47"}],"curies":[{"name":"wp","href":"https:\/\/api.w.org\/{rel}","templated":true}]}}