{"id":482,"date":"2011-07-28T19:14:21","date_gmt":"2011-07-28T17:14:21","guid":{"rendered":"http:\/\/eksm.de\/blog\/seligenthal\/?page_id=482"},"modified":"2014-01-02T14:37:32","modified_gmt":"2014-01-02T13:37:32","slug":"gemeindehauseinweihung","status":"publish","type":"page","link":"https:\/\/eksm.de\/blog\/seligenthal\/?page_id=482","title":{"rendered":"Gemeindehauseinweihung"},"content":{"rendered":"<p><font size=\"4\">2005 konnten wir \u00fcber 500 Gemeindeglieder und G\u00e4ste zur Einweihung unseres Gemeindehauses begr\u00fc\u00dfen.     <br \/>Wir m\u00f6chten uns noch einmal bei Pr\u00f6pstin Marita Natt f\u00fcr ihre aufmunternde Predigt, Dekan Bedbur f\u00fcr die Einweihung, unseren Vereinen und Ch\u00f6ren f\u00fcr die gro\u00dfartige Mithilfe beim Fest bedanken.      <br \/>Der strahlende Sonnenschein gab allem einen einzigartigen Glanz, wie man auf den Bildern erkennen kann. Vielen Dank auch f\u00fcr die Spenden und Geschenke.      <br \/>Die Bilder erz\u00e4hlen davon, dass unser Gemeindehaus wirklich &quot;f\u00f6r de kinner, junge onn alle L\u00fchd&quot; ein zu Hause werden kann, wie es am Eingang steht. Gottes Segen begleite alle, die aus- und eingehen!<\/font><\/p>\n<p><font size=\"4\">ngg_shortcode_0_placeholder<\/font><\/p>\n<p><font size=\"4\"><\/font><\/p>\n","protected":false},"excerpt":{"rendered":"<div class=\"mh-excerpt\"><p>2005 konnten wir \u00fcber 500 Gemeindeglieder und G\u00e4ste zur Einweihung unseres Gemeindehauses begr\u00fc\u00dfen. Wir m\u00f6chten uns noch einmal bei Pr\u00f6pstin Marita Natt f\u00fcr ihre aufmunternde Predigt, Dekan Bedbur f\u00fcr die Einweihung, unseren Vereinen und Ch\u00f6ren <a class=\"mh-excerpt-more\" href=\"https:\/\/eksm.de\/blog\/seligenthal\/?page_id=482\" title=\"Gemeindehauseinweihung\">[mehr&#8230;]<\/a><\/p>\n<\/div>","protected":false},"author":1,"featured_media":0,"parent":481,"menu_order":0,"comment_status":"open","ping_status":"open","template":"","meta":{"ngg_post_thumbnail":0,"footnotes":""},"class_list":["post-482","page","type-page","status-publish"],"_links":{"self":[{"href":"https:\/\/eksm.de\/blog\/seligenthal\/index.php?rest_route=\/wp\/v2\/pages\/482","targetHints":{"allow":["GET"]}}],"collection":[{"href":"https:\/\/eksm.de\/blog\/seligenthal\/index.php?rest_route=\/wp\/v2\/pages"}],"about":[{"href":"https:\/\/eksm.de\/blog\/seligenthal\/index.php?rest_route=\/wp\/v2\/types\/page"}],"author":[{"embeddable":true,"href":"https:\/\/eksm.de\/blog\/seligenthal\/index.php?rest_route=\/wp\/v2\/users\/1"}],"replies":[{"embeddable":true,"href":"https:\/\/eksm.de\/blog\/seligenthal\/index.php?rest_route=%2Fwp%2Fv2%2Fcomments&post=482"}],"version-history":[{"count":5,"href":"https:\/\/eksm.de\/blog\/seligenthal\/index.php?rest_route=\/wp\/v2\/pages\/482\/revisions"}],"predecessor-version":[{"id":1319,"href":"https:\/\/eksm.de\/blog\/seligenthal\/index.php?rest_route=\/wp\/v2\/pages\/482\/revisions\/1319"}],"up":[{"embeddable":true,"href":"https:\/\/eksm.de\/blog\/seligenthal\/index.php?rest_route=\/wp\/v2\/pages\/481"}],"wp:attachment":[{"href":"https:\/\/eksm.de\/blog\/seligenthal\/index.php?rest_route=%2Fwp%2Fv2%2Fmedia&parent=482"}],"curies":[{"name":"wp","href":"https:\/\/api.w.org\/{rel}","templated":true}]}}