{"id":509,"date":"2011-07-28T21:43:39","date_gmt":"2011-07-28T19:43:39","guid":{"rendered":"http:\/\/eksm.de\/blog\/seligenthal\/?page_id=509"},"modified":"2014-01-02T14:52:35","modified_gmt":"2014-01-02T13:52:35","slug":"seligenthal-frher","status":"publish","type":"page","link":"https:\/\/eksm.de\/blog\/seligenthal\/?page_id=509","title":{"rendered":"Seligenthal fr&uuml;her"},"content":{"rendered":"<p><font size=\"4\"><\/font><\/p>\n<p><font size=\"4\">Damit Sie sich ein Bild machen k\u00f6nnen, wie es fr\u00fcher in Seligenthal aussah,      <br \/>m\u00f6chten wir Ihnen ein paar Bilder aus den ersten Jahrzehnten dieses Jahrhunderts zeigen:       <br \/><\/font><\/p>\n<p><font size=\"4\"><\/font><\/p>\n<p><a href=\"http:\/\/eksm.de\/blog\/seligenthal\/wp-content\/uploads\/2011\/07\/fruher.jpg\"><font size=\"4\"><img loading=\"lazy\" decoding=\"async\" title=\"fruher\" style=\"border-left-width: 0px; border-right-width: 0px; background-image: none; border-bottom-width: 0px; padding-top: 0px; padding-left: 0px; display: inline; padding-right: 0px; border-top-width: 0px\" border=\"0\" alt=\"fruher\" src=\"http:\/\/eksm.de\/blog\/seligenthal\/wp-content\/uploads\/2011\/07\/fruher_thumb.jpg\" width=\"182\" height=\"244\" \/><\/font><\/a><font size=\"4\">Unsere Kirche<\/font><\/p>\n<p><font size=\"4\"><\/font><\/p>\n<p><a href=\"http:\/\/eksm.de\/blog\/seligenthal\/wp-content\/uploads\/2011\/07\/fruher1.jpg\"><font size=\"4\"><img loading=\"lazy\" decoding=\"async\" title=\"fruher1\" style=\"border-left-width: 0px; border-right-width: 0px; background-image: none; border-bottom-width: 0px; padding-top: 0px; padding-left: 0px; display: inline; padding-right: 0px; border-top-width: 0px\" border=\"0\" alt=\"fruher1\" src=\"http:\/\/eksm.de\/blog\/seligenthal\/wp-content\/uploads\/2011\/07\/fruher1_thumb.jpg\" width=\"244\" height=\"146\" \/><\/font><\/a><\/p>\n<p><font size=\"4\">Frauenhilfe und M\u00e4dchenkreis 1933 mit Pfarrer W\u00fcpper      <br \/>beim Ausflug in Hephata. (Die Frauenhilfe wurde ein Jahr sp\u00e4ter wegen marxistischer Umtriebe&quot; verboten.)<\/font><\/p>\n<p><font size=\"4\"><\/font><\/p>\n<p><a href=\"http:\/\/eksm.de\/blog\/seligenthal\/wp-content\/uploads\/2011\/07\/fruher3.jpg\"><font size=\"4\"><img loading=\"lazy\" decoding=\"async\" title=\"fruher3\" style=\"border-left-width: 0px; border-right-width: 0px; background-image: none; border-bottom-width: 0px; padding-top: 0px; padding-left: 0px; display: inline; padding-right: 0px; border-top-width: 0px\" border=\"0\" alt=\"fruher3\" src=\"http:\/\/eksm.de\/blog\/seligenthal\/wp-content\/uploads\/2011\/07\/fruher3_thumb.jpg\" width=\"244\" height=\"175\" \/><\/font><\/a><a href=\"http:\/\/eksm.de\/blog\/seligenthal\/wp-content\/uploads\/2011\/07\/fruher4.jpg\"><font size=\"4\"><img loading=\"lazy\" decoding=\"async\" title=\"fruher4\" style=\"border-left-width: 0px; border-right-width: 0px; background-image: none; border-bottom-width: 0px; padding-top: 0px; padding-left: 0px; display: inline; padding-right: 0px; border-top-width: 0px\" border=\"0\" alt=\"fruher4\" src=\"http:\/\/eksm.de\/blog\/seligenthal\/wp-content\/uploads\/2011\/07\/fruher4_thumb.jpg\" width=\"244\" height=\"168\" \/><\/font><\/a><\/p>\n<p><font size=\"4\">Gothaer Stra\u00dfe 13 und das Pfarrhaus nebenan<\/font><\/p>\n<p><font size=\"4\"><\/font><\/p>\n<p><a href=\"http:\/\/eksm.de\/blog\/seligenthal\/wp-content\/uploads\/2011\/07\/fruher2.jpg\"><font size=\"4\"><img loading=\"lazy\" decoding=\"async\" title=\"fruher2\" style=\"border-left-width: 0px; border-right-width: 0px; background-image: none; border-bottom-width: 0px; padding-top: 0px; padding-left: 0px; display: inline; padding-right: 0px; border-top-width: 0px\" border=\"0\" alt=\"fruher2\" src=\"http:\/\/eksm.de\/blog\/seligenthal\/wp-content\/uploads\/2011\/07\/fruher2_thumb.jpg\" width=\"244\" height=\"159\" \/><\/font><\/a><\/p>\n<p><font size=\"4\">Die Gothaer Stra\u00dfe      <br \/>(die Hauptstra\u00dfe unseres Dorfes)<\/font><\/p>\n<p><font size=\"4\"><\/font><\/p>\n<p><a href=\"http:\/\/eksm.de\/blog\/seligenthal\/wp-content\/uploads\/2011\/07\/fruher5.jpg\"><font size=\"4\"><img loading=\"lazy\" decoding=\"async\" title=\"fruher5\" style=\"border-left-width: 0px; border-right-width: 0px; background-image: none; border-bottom-width: 0px; padding-top: 0px; padding-left: 0px; margin: 0px; display: inline; padding-right: 0px; border-top-width: 0px\" border=\"0\" alt=\"fruher5\" src=\"http:\/\/eksm.de\/blog\/seligenthal\/wp-content\/uploads\/2011\/07\/fruher5_thumb.jpg\" width=\"244\" height=\"157\" \/><\/font><\/a><\/p>\n<p><font size=\"4\">Diese Stra\u00dfe f\u00fchrte zur Eisenerzgrube auf dem Stahlberg.<\/font><\/p>\n<p><font size=\"4\"><\/font><\/p>\n<p><a href=\"http:\/\/eksm.de\/blog\/seligenthal\/wp-content\/uploads\/2011\/07\/fruher6.jpg\"><font size=\"4\"><img loading=\"lazy\" decoding=\"async\" title=\"fruher6\" style=\"border-left-width: 0px; border-right-width: 0px; background-image: none; border-bottom-width: 0px; padding-top: 0px; padding-left: 0px; display: inline; padding-right: 0px; border-top-width: 0px\" border=\"0\" alt=\"fruher6\" src=\"http:\/\/eksm.de\/blog\/seligenthal\/wp-content\/uploads\/2011\/07\/fruher6_thumb.jpg\" width=\"244\" height=\"153\" \/><\/font><\/a><font size=\"4\">Seligenthaler Trachten<\/font><\/p>\n<p><font size=\"4\"><\/font><\/p>\n<p><a href=\"http:\/\/eksm.de\/blog\/seligenthal\/wp-content\/uploads\/2011\/07\/fruher7.jpg\"><font size=\"4\"><img loading=\"lazy\" decoding=\"async\" title=\"fruher7\" style=\"border-left-width: 0px; border-right-width: 0px; background-image: none; border-bottom-width: 0px; padding-top: 0px; padding-left: 0px; display: inline; padding-right: 0px; border-top-width: 0px\" border=\"0\" alt=\"fruher7\" src=\"http:\/\/eksm.de\/blog\/seligenthal\/wp-content\/uploads\/2011\/07\/fruher7_thumb.jpg\" width=\"244\" height=\"149\" \/><\/font><\/a><\/p>\n<p><font size=\"4\">Eine der drei Kirmesgesellschaften unseres Ortes (in der Mitte die Platzmeister):<\/font><\/p>\n<p><font size=\"4\"><\/font><\/p>\n<p><a href=\"http:\/\/eksm.de\/blog\/seligenthal\/wp-content\/uploads\/2011\/07\/fruher8.jpg\"><font size=\"4\"><img loading=\"lazy\" decoding=\"async\" title=\"fruher8\" style=\"border-left-width: 0px; border-right-width: 0px; background-image: none; border-bottom-width: 0px; padding-top: 0px; padding-left: 0px; display: inline; padding-right: 0px; border-top-width: 0px\" border=\"0\" alt=\"fruher8\" src=\"http:\/\/eksm.de\/blog\/seligenthal\/wp-content\/uploads\/2011\/07\/fruher8_thumb.jpg\" width=\"244\" height=\"164\" \/><\/font><\/a><font size=\"4\"> Unsere Feuerwehr<\/font><\/p>\n<p><font size=\"4\"><\/font><\/p>\n","protected":false},"excerpt":{"rendered":"<div class=\"mh-excerpt\"><p>Damit Sie sich ein Bild machen k\u00f6nnen, wie es fr\u00fcher in Seligenthal aussah, m\u00f6chten wir Ihnen ein paar Bilder aus den ersten Jahrzehnten dieses Jahrhunderts zeigen: Unsere Kirche Frauenhilfe und M\u00e4dchenkreis 1933 mit Pfarrer W\u00fcpper <a class=\"mh-excerpt-more\" href=\"https:\/\/eksm.de\/blog\/seligenthal\/?page_id=509\" title=\"Seligenthal fr&uuml;her\">[mehr&#8230;]<\/a><\/p>\n<\/div>","protected":false},"author":1,"featured_media":0,"parent":13,"menu_order":0,"comment_status":"open","ping_status":"open","template":"","meta":{"ngg_post_thumbnail":0,"footnotes":""},"class_list":["post-509","page","type-page","status-publish"],"_links":{"self":[{"href":"https:\/\/eksm.de\/blog\/seligenthal\/index.php?rest_route=\/wp\/v2\/pages\/509","targetHints":{"allow":["GET"]}}],"collection":[{"href":"https:\/\/eksm.de\/blog\/seligenthal\/index.php?rest_route=\/wp\/v2\/pages"}],"about":[{"href":"https:\/\/eksm.de\/blog\/seligenthal\/index.php?rest_route=\/wp\/v2\/types\/page"}],"author":[{"embeddable":true,"href":"https:\/\/eksm.de\/blog\/seligenthal\/index.php?rest_route=\/wp\/v2\/users\/1"}],"replies":[{"embeddable":true,"href":"https:\/\/eksm.de\/blog\/seligenthal\/index.php?rest_route=%2Fwp%2Fv2%2Fcomments&post=509"}],"version-history":[{"count":3,"href":"https:\/\/eksm.de\/blog\/seligenthal\/index.php?rest_route=\/wp\/v2\/pages\/509\/revisions"}],"predecessor-version":[{"id":1329,"href":"https:\/\/eksm.de\/blog\/seligenthal\/index.php?rest_route=\/wp\/v2\/pages\/509\/revisions\/1329"}],"up":[{"embeddable":true,"href":"https:\/\/eksm.de\/blog\/seligenthal\/index.php?rest_route=\/wp\/v2\/pages\/13"}],"wp:attachment":[{"href":"https:\/\/eksm.de\/blog\/seligenthal\/index.php?rest_route=%2Fwp%2Fv2%2Fmedia&parent=509"}],"curies":[{"name":"wp","href":"https:\/\/api.w.org\/{rel}","templated":true}]}}