{"id":68,"date":"2010-03-24T16:45:52","date_gmt":"2010-03-24T15:45:52","guid":{"rendered":"http:\/\/eksm.de\/blog\/seligenthal\/?page_id=68"},"modified":"2020-07-11T08:00:47","modified_gmt":"2020-07-11T06:00:47","slug":"ratgeber-taufe","status":"publish","type":"page","link":"https:\/\/eksm.de\/blog\/seligenthal\/?page_id=68","title":{"rendered":"Ratgeber Taufe"},"content":{"rendered":"<p><u><b>Sie m\u00f6chten Ihr Kind taufen lassen:<\/b><\/u><\/p>\n<p>In unserer Gemeinde wird die Taufe meist am Sonnabend Nachmittag gefeiert. Nat\u00fcrlich k\u00f6nnen Sie Ihr Kind auch im sonnt\u00e4glichen Gottesdienst taufen lassen.<br \/>\nDen passenden Termin k\u00f6nnen Sie problemlos mit dem zust\u00e4ndigen Pfarrer vereinbaren.<br \/>\nNur am Karfreitag und Karsamstag wird keine Tauffeier durchgef\u00fchrt.<br \/>\nDie Taufe ist kostenfrei. Es wird um eine Kollekte gebeten.<\/p>\n<p>In jedem Fall k\u00f6nnen Sie sich mit Fragen oder Terminw\u00fcnschen an Ihr Pfarramt wenden.<\/p>\n<p><a href=\"mailto:Pfarramt.Seligenthal@ekkw.de\" target=\"_blank\" rel=\"noopener noreferrer\">Mail an Pfarramt Seligenthal<\/a> oder <a href=\"mailto:Pfarramt.Floh@ekkw.de\" target=\"_blank\" rel=\"noopener noreferrer\">Mail an das Pfarramt Floh<\/a><\/p>\n<p>Sie finden hier eine Zusammenstellung wichtiger Fragen und Antworten zur Taufe:<\/p>\n<p><a href=\"http:\/\/www.ekkw.de\/ratgeber\/taufe.html\" target=\"_blank\" rel=\"noopener noreferrer\">Ratgeber Taufe<\/a><\/p>\n<p>Wenn Sie einen Taufspruch suchen, k\u00f6nnen Sie hier wichtige Informationen finden:<\/p>\n<p><a href=\"http:\/\/www.taufspruch.de\" target=\"_blank\" rel=\"noopener noreferrer\">Taufspr\u00fcche<\/a><\/p>\n<p>Selbstverst\u00e4ndlich k\u00f6nnen Sie auch selbst einen passenden Spruch in der Bibel suchen.<\/p>\n<p><b><u>Sie interessieren sich f\u00fcr eine Erwachsenentaufe: <\/u><\/b><\/p>\n<p>Die Taufe von Erwachsenen findet h\u00e4ufig statt. Wir bieten einen Kurs an, der auf die Taufe vorbereitet.<br \/>\nIn der Regel finden er statt, wenn sich mehrere Personen angemeldet haben.<br \/>\nInformationen bekommen Sie in den Pfarr\u00e4mtern.<br \/>\nWann die Taufe stattfindet und in welchem Rahmen k\u00f6nnen Sie mit der zust\u00e4ndigen Pfarrerin \/ Pfarrer besprechen.<\/p>\n<p><b><u>Sie sind getauft, aber nicht konfirmiert:<\/u><\/b><\/p>\n<p>Selbstverst\u00e4ndlich k\u00f6nnen Sie die Konfirmation nachholen. Meist wird das mit dem Kurs zur Erwachsenentaufe verbunden.<br \/>\nDie Konfirmation und Teilnahme am Abendmahl wird dann mit dem Pfarrer \/ der Pfarrerin vereinbart.<\/p>\n<p>Sie k\u00f6nnen uns auch eine Mail schreiben und wir informieren Sie \u00fcber solche Kurse und k\u00f6nnen Ihnen genaueres mitteilen:<\/p>\n<p><!--Beginn--><a href=\"http:\/\/5686266.de.strato-hosting.eu\/cgi-bin\/formmanager.php.cgi?action=ext_preview&amp;fid=3\">Ihre Nachricht<\/a><\/p>\n<p><!--Ende--><\/p>\n","protected":false},"excerpt":{"rendered":"<div class=\"mh-excerpt\"><p>Sie m\u00f6chten Ihr Kind taufen lassen: In unserer Gemeinde wird die Taufe meist am Sonnabend Nachmittag gefeiert. Nat\u00fcrlich k\u00f6nnen Sie Ihr Kind auch im sonnt\u00e4glichen Gottesdienst taufen lassen. Den passenden Termin k\u00f6nnen Sie problemlos mit <a class=\"mh-excerpt-more\" href=\"https:\/\/eksm.de\/blog\/seligenthal\/?page_id=68\" title=\"Ratgeber Taufe\">[mehr&#8230;]<\/a><\/p>\n<\/div>","protected":false},"author":1,"featured_media":0,"parent":67,"menu_order":0,"comment_status":"closed","ping_status":"closed","template":"","meta":{"ngg_post_thumbnail":0,"footnotes":""},"class_list":["post-68","page","type-page","status-publish"],"_links":{"self":[{"href":"https:\/\/eksm.de\/blog\/seligenthal\/index.php?rest_route=\/wp\/v2\/pages\/68","targetHints":{"allow":["GET"]}}],"collection":[{"href":"https:\/\/eksm.de\/blog\/seligenthal\/index.php?rest_route=\/wp\/v2\/pages"}],"about":[{"href":"https:\/\/eksm.de\/blog\/seligenthal\/index.php?rest_route=\/wp\/v2\/types\/page"}],"author":[{"embeddable":true,"href":"https:\/\/eksm.de\/blog\/seligenthal\/index.php?rest_route=\/wp\/v2\/users\/1"}],"replies":[{"embeddable":true,"href":"https:\/\/eksm.de\/blog\/seligenthal\/index.php?rest_route=%2Fwp%2Fv2%2Fcomments&post=68"}],"version-history":[{"count":3,"href":"https:\/\/eksm.de\/blog\/seligenthal\/index.php?rest_route=\/wp\/v2\/pages\/68\/revisions"}],"predecessor-version":[{"id":4633,"href":"https:\/\/eksm.de\/blog\/seligenthal\/index.php?rest_route=\/wp\/v2\/pages\/68\/revisions\/4633"}],"up":[{"embeddable":true,"href":"https:\/\/eksm.de\/blog\/seligenthal\/index.php?rest_route=\/wp\/v2\/pages\/67"}],"wp:attachment":[{"href":"https:\/\/eksm.de\/blog\/seligenthal\/index.php?rest_route=%2Fwp%2Fv2%2Fmedia&parent=68"}],"curies":[{"name":"wp","href":"https:\/\/api.w.org\/{rel}","templated":true}]}}