{"id":76,"date":"2010-03-24T17:10:32","date_gmt":"2010-03-24T16:10:32","guid":{"rendered":"http:\/\/eksm.de\/blog\/seligenthal\/?page_id=76"},"modified":"2024-09-13T19:26:43","modified_gmt":"2024-09-13T17:26:43","slug":"ratgeber-trauerfall","status":"publish","type":"page","link":"https:\/\/eksm.de\/blog\/seligenthal\/?page_id=76","title":{"rendered":"Ratgeber Trauerfall"},"content":{"rendered":"<p>Bitte melden Sie sich in Ihrem Pfarramt nach einem Todesfall telefonisch. F\u00fcr Kleinschmallkalden, Floh und Struth-H. ist Pfarrerin Heinlein zust\u00e4ndig; f\u00fcr Seligenthal, Hohleborn, Reichenbach und Schnellbach ist Pfarrer Becker der zust\u00e4ndige Pfarrer.<\/p>\n<p>Kann der Pfarrer oder die Pfarrerin gleich erreicht werden, kann er zu Hause im Kreis die Angeh\u00f6rigen bei einer kurzen Aussegnung begleiten.<br>Es wird evtl. eine Kerze angez\u00fcndet, ein Segenswort gesprochen bzw. das Vater unser gebetet und in einem Moment der Stille Abschied genommen.<\/p>\n<p>Da an Sonnabenden meist Taufen oder Trauungen stattfinden und um das Singen des Chores zu erm\u00f6glichen, bitten wir Sie, in der Regel die Trauerfeier in der Woche durchzuf\u00fchren und nur im Ausnahmefall an einem Sonnabend.<\/p>\n<p>Es steht Ihnen frei, Feuerbestattung oder Erdbestattung durchf\u00fchren zu lassen. Es ist sicher sinnvoll, den Willen des Verstorbenen zu achten.<br>Auch bei Feuerbestattung soll im Regelfall der Sarg in die Kirche gebracht. In unserer Gemeinde soll eine&nbsp; Urnenfeier nur Ausnahmefall sein, da uns der Abschied mit Sarg besser f\u00fcr den Prozess der Trauer geeignet scheint. Freilich kann unter bestimmten Umst\u00e4nden auch eine Trauerfeier mit Urne durchgef\u00fchrt werden, z.B. wenn der Verstorbene an einem entfernten Ort verstorben ist. Ansonsten bitten wir um Schlichtheit bei der Trauerfeier. Sicher k\u00f6nnen Kr\u00e4nze, Buketts und Blumen niedergelegt werden. Wir w\u00fcnschen uns aber in der Kirche, dass ein ehrlicher Abschied nicht durch zu viel Prunk \u00fcberdeckt wird.<\/p>\n<p>Was die Grabpflege angeht, hat die Kommune die Verantwortung f\u00fcr den Friedhof. Mittlerweile hat sich der Vorschlag unserer Gemeindeglieder durchgesetzt, f\u00fcr Verstorbene, die keine Kinder haben oder deren Kinder nicht mehr in unserem Ort wohnen (das sind mittlerweile nicht wenige Betroffene!) ein Gr\u00e4berfeld einzurichten, bei dem der Bestattungsort&nbsp; pflegeleicht, aber nicht &#8222;ganz&#8220; anonym ist.<\/p>\n<p>Der Pfarrer bzw. die Pfarrerin besucht&nbsp; etwas sp\u00e4ter die Hinterbliebenen zu Hause, um Zuwendung und Beileid zu signalisieren.<br>Der Trauerbesuch dient vor allem der Seelsorge an den Angeh\u00f6rigen und der Vorbereitung der Trauerfeier.<\/p>\n<p>Es ist \u00fcblich, dass das sogenannte &#8222;Totengl\u00f6ckchen&#8220; gel\u00e4utet (&#8222;gekl\u00e4ngelt&#8220;) wird. Daf\u00fcr geben Sie bitte unsere K\u00fcster:innen vor Ort Bescheid.<\/p>\n<p>Bei der Trauerfeier spielt der Gesang ein gro\u00dfe Rolle, da er manchmal besser tr\u00f6sten kann als Worte. Es sollte alles live sein und nur im Ausnahmefall von CD gespielt werden. Wenn Sie ein besonders Musikst\u00fcck w\u00fcnschen, k\u00f6nnen sie den jeweiligen Kantor fragen, ob er es spielen kann.<br>In Seligenthal, Schnellbach, Struth-Helmershof und Kleinschmalkalden singt bei den Trauerfeiern in der Kirche ein Kirchenchor. Bitte wenden Sie sich diesbez\u00fcglich an den Chorvorstand bzw. an den Pfarrer.<\/p>\n<p>Die Trauerfeier findet jeweils um 16.30 Uhr statt, damit die Mehrheit derjenigen, die zur Arbeit gehen, an der Trauerfeier teilnehmen kann. Wegen des Chores k\u00f6nnen die Trauerfeiern ebenfalls nicht fr\u00fcher stattfinden. Eine Ausnahme bilden in der Zeit um Weihnachten Erdbestattungen, da es sonst auf dem Friedhof schon dunkel ist.<\/p>\n<p>Bei der Trauerfeier in der Kirche erhalten die ehrenamtlichen Mitwirkenden (Kantor, K\u00fcsterin, Sargtr\u00e4ger, Chor) einen geringen Geldbeitrag. Der Dienst des Pfarrers ist kostenlos. Sie k\u00f6nnen nach der Trauerfeier eine Spende f\u00fcr die Kirche geben. In der Regel wird am folgenden Sonntag die Trauerfeier im Gottesdienst abgek\u00fcndigt. Die Angeh\u00f6rigen sind dazu sehr herzlich eingeladen.<\/p>\n<p>Die kirchliche Bestattung ist im Grundsatz den Mitgliedern der Kirche vorbehalten, aber auch f\u00fcr Angeh\u00f6rige m\u00f6glich, die nicht der Kirche angeh\u00f6ren. Wer sich allerdings durch Kirchenaustritt bewusst von der kirchlichen Gemeinschaft getrennt hat, kann nur in bestimmten Ausnahmef\u00e4llen kirchlich bestattet werden, zum Beispiel wenn er die Absicht des Wiedereintritts bekundet hat, aber durch den Tod daran gehindert wurde.<br>Sprechen Sie dar\u00fcber mit Ihrer Pfarrerin oder Ihrem Pfarrer!<\/p>\n<p>Wenn eine kirchliche Bestattung nicht m\u00f6glich ist, kann auch ein freier Redner eine Trauerfeier durchf\u00fchren; die Kosten tragen Sie selbst. Angeh\u00f6rige, die Trost suchen, k\u00f6nnen sich selbstverst\u00e4ndlich an ihre Kirchengemeinde wenden. Es wird dann auch eine <b>Andacht<\/b> im Trauerhaus oder in der Kirche angeboten.<\/p>\n<p>Weitere Fragen und Antworten finden Sie auf den Webseiten unserer Landeskirche:<br><a href=\"http:\/\/www.ekkw.de\/ratgeber\/bestattung.html\" target=\"_blank\" rel=\"noopener noreferrer\">Ratgeber Bestattung<\/a><\/p>\n\n\n<p><\/p>\n","protected":false},"excerpt":{"rendered":"<div class=\"mh-excerpt\"><p>Bitte melden Sie sich in Ihrem Pfarramt nach einem Todesfall telefonisch. F\u00fcr Kleinschmallkalden, Floh und Struth-H. ist Pfarrerin Heinlein zust\u00e4ndig; f\u00fcr Seligenthal, Hohleborn, Reichenbach und Schnellbach ist Pfarrer Becker der zust\u00e4ndige Pfarrer. Kann der Pfarrer <a class=\"mh-excerpt-more\" href=\"https:\/\/eksm.de\/blog\/seligenthal\/?page_id=76\" title=\"Ratgeber Trauerfall\">[mehr&#8230;]<\/a><\/p>\n<\/div>","protected":false},"author":1,"featured_media":0,"parent":67,"menu_order":0,"comment_status":"closed","ping_status":"closed","template":"","meta":{"ngg_post_thumbnail":0,"footnotes":""},"class_list":["post-76","page","type-page","status-publish"],"_links":{"self":[{"href":"https:\/\/eksm.de\/blog\/seligenthal\/index.php?rest_route=\/wp\/v2\/pages\/76","targetHints":{"allow":["GET"]}}],"collection":[{"href":"https:\/\/eksm.de\/blog\/seligenthal\/index.php?rest_route=\/wp\/v2\/pages"}],"about":[{"href":"https:\/\/eksm.de\/blog\/seligenthal\/index.php?rest_route=\/wp\/v2\/types\/page"}],"author":[{"embeddable":true,"href":"https:\/\/eksm.de\/blog\/seligenthal\/index.php?rest_route=\/wp\/v2\/users\/1"}],"replies":[{"embeddable":true,"href":"https:\/\/eksm.de\/blog\/seligenthal\/index.php?rest_route=%2Fwp%2Fv2%2Fcomments&post=76"}],"version-history":[{"count":7,"href":"https:\/\/eksm.de\/blog\/seligenthal\/index.php?rest_route=\/wp\/v2\/pages\/76\/revisions"}],"predecessor-version":[{"id":5165,"href":"https:\/\/eksm.de\/blog\/seligenthal\/index.php?rest_route=\/wp\/v2\/pages\/76\/revisions\/5165"}],"up":[{"embeddable":true,"href":"https:\/\/eksm.de\/blog\/seligenthal\/index.php?rest_route=\/wp\/v2\/pages\/67"}],"wp:attachment":[{"href":"https:\/\/eksm.de\/blog\/seligenthal\/index.php?rest_route=%2Fwp%2Fv2%2Fmedia&parent=76"}],"curies":[{"name":"wp","href":"https:\/\/api.w.org\/{rel}","templated":true}]}}